{"id":516,"date":"2025-07-16T17:57:16","date_gmt":"2025-07-16T17:57:16","guid":{"rendered":"https:\/\/iampv.com.mx\/team\/"},"modified":"2025-10-22T23:06:07","modified_gmt":"2025-10-22T23:06:07","slug":"team","status":"publish","type":"page","link":"https:\/\/iampv.com.mx\/en\/team\/","title":{"rendered":"Team"},"content":{"rendered":"<p><div class=\"fusion-fullwidth fullwidth-box fusion-builder-row-1 fusion-flex-container has-pattern-background has-mask-background hundred-percent-fullwidth non-hundred-percent-height-scrolling fusion-no-small-visibility fusion-no-medium-visibility\" style=\"--awb-border-radius-top-left:0px;--awb-border-radius-top-right:0px;--awb-border-radius-bottom-right:0px;--awb-border-radius-bottom-left:0px;--awb-margin-top:100px;--awb-flex-wrap:wrap;\" ><div class=\"fusion-builder-row fusion-row fusion-flex-align-items-stretch fusion-flex-justify-content-space-between fusion-flex-content-wrap\" style=\"width:104% !important;max-width:104% !important;margin-left: calc(-4% \/ 2 );margin-right: calc(-4% \/ 2 );\"><div class=\"fusion-layout-column fusion_builder_column fusion-builder-column-0 fusion_builder_column_1_1 1_1 fusion-flex-column\" style=\"--awb-bg-size:cover;--awb-width-large:100%;--awb-margin-top-large:0px;--awb-spacing-right-large:1.92%;--awb-margin-bottom-large:20px;--awb-spacing-left-large:1.92%;--awb-width-medium:100%;--awb-order-medium:0;--awb-spacing-right-medium:1.92%;--awb-spacing-left-medium:1.92%;--awb-width-small:100%;--awb-order-small:0;--awb-spacing-right-small:1.92%;--awb-spacing-left-small:1.92%;\"><div class=\"fusion-column-wrapper fusion-column-has-shadow fusion-flex-justify-content-flex-start fusion-content-layout-column\"><div class=\"fusion-title title fusion-title-1 fusion-sep-none fusion-title-text fusion-title-size-one fusion-animated\" style=\"--awb-margin-top-small:10px;--awb-margin-right-small:0px;--awb-margin-bottom-small:10px;--awb-margin-left-small:0px;\" data-animationType=\"revealInLeft\" data-animationDuration=\"0.4\" data-animationOffset=\"top-into-view\"><h1 class=\"fusion-title-heading title-heading-left\" style=\"margin:0;\">Nuestro Equipo<\/h1><\/div><\/div><\/div><div class=\"fusion-layout-column fusion_builder_column fusion-builder-column-1 fusion_builder_column_1_1 1_1 fusion-flex-column fusion-animated\" style=\"--awb-bg-size:cover;--awb-width-large:100%;--awb-margin-top-large:0px;--awb-spacing-right-large:1.92%;--awb-margin-bottom-large:20px;--awb-spacing-left-large:1.92%;--awb-width-medium:100%;--awb-order-medium:0;--awb-spacing-right-medium:1.92%;--awb-spacing-left-medium:1.92%;--awb-width-small:100%;--awb-order-small:0;--awb-spacing-right-small:1.92%;--awb-spacing-left-small:1.92%;--awb-animation-color:var(--awb-color4);\" data-animationType=\"revealInRight\" data-animationDuration=\"0.5\" data-animationOffset=\"top-into-view\" data-scroll-devices=\"small-visibility,medium-visibility,large-visibility\"><div class=\"fusion-column-wrapper fusion-column-has-shadow fusion-flex-justify-content-flex-start fusion-content-layout-column\"><div class=\"fusion-flip-boxes flip-boxes row fusion-columns-3 flip-effect-3d equal-heights\" style=\"--awb-flip-duration:1.2s;--awb-margin-top:20px;\"><div class=\"fusion-flip-box-wrapper fusion-column col-lg-4 col-md-4 col-sm-4\"><div class=\"fusion-flip-box flip-left fusion-animated\" style=\"--awb-animation-color:hsla(var(--awb-color2-h),calc(var(--awb-color2-s) + 30%),var(--awb-color2-l),var(--awb-color2-a));\" tabindex=\"0\" data-animationType=\"revealInDown\" data-animationDuration=\"1.0\" data-animationOffset=\"top-into-view\"><div class=\"flip-box-inner-wrapper\"><div class=\"flip-box-front\" style=\"--awb-border-size:0px;--awb-border-radius:10px;--awb-title-front-color:var(--awb-color1);--awb-text-front-color:var(--awb-color3);--awb-background-image-front:url(&#039;https:\/\/iampv.com.mexlend.com\/wp-content\/uploads\/2025\/07\/16-Grande.jpg&#039;);\"><div class=\"flip-box-front-inner\"><h4 class=\"flip-box-heading\" style=\"--h4_typography-font-family:var(--awb-typography1-font-family);--h4_typography-font-weight:var(--awb-typography1-font-weight);--h4_typography-font-style:var(--awb-typography1-font-style);--h4_typography-font-size:30px;--h4_typography-letter-spacing:var(--awb-typography1-letter-spacing);--h4_typography-line-height:var(--awb-typography1-line-height);--h4_typography-text-transform:var(--awb-typography1-text-transform);\">Aquiles Morales<\/h4>Director Acad\u00e9mico y Musical<\/div><\/div><div class=\"flip-box-back\" style=\"--awb-border-size:0px;--awb-border-radius:10px;--awb-background-color-back:hsla(var(--awb-color4-h),calc(var(--awb-color4-s) + 15%),var(--awb-color4-l),var(--awb-color4-a));--awb-title-back-color:var(--awb-color1);--awb-text-back-color:var(--awb-color1);\"><div class=\"flip-box-back-inner\"><h4 class=\"flip-box-heading-back\" style=\"--h4_typography-font-family:var(--awb-typography1-font-family);--h4_typography-font-weight:var(--awb-typography1-font-weight);--h4_typography-font-style:var(--awb-typography1-font-style);--h4_typography-font-size:30px;--h4_typography-letter-spacing:var(--awb-typography1-letter-spacing);--h4_typography-line-height:var(--awb-typography1-line-height);--h4_typography-text-transform:var(--awb-typography1-text-transform);\">Aquiles Morales<\/h4>\n<p style=\"margin: 20px 30px 20px 30px;\">&#8220;<span class=\"visible-text\">Aquiles Morales naci\u00f3 en la Ciudad de M\u00e9xico e inici\u00f3 sus estudios de piano en la Escuela Nacional de M\u00fasica en 1996, donde estudi\u00f3 con Eva del Carmen Medina&#8230;.<\/span> <span class=\"hidden-text\"> En 1999 continu\u00f3 sus estudios en Par\u00eds en la \u00c9cole Normale de Musique Alfred Cortot donde obtuvo el diploma en 2004. Fue alumno del maestro Dusan Tadic y m\u00e1s tarde de la concertista Fran\u00e7oise Parrot-Hanlet. Particip\u00f3 en diversos concursos, obteniendo el segundo lugar en el Concurso Nacional de Piano de Sucy-en-Brie. En 2004 ingres\u00f3 en la \u00c9cole Nationale de Musique de Cr\u00e9teil donde realiz\u00f3 estudios de especializaci\u00f3n con el maestro Christophe Vautier, participando tambi\u00e9n en clases magistrales en Niza y Courchevel con los maestros del Conservatoire National Sup\u00e9rieur de Musique (C.N.S.M.) Jacques Rouvier y Prisca Beno\u00eet.<\/span>&#8220;<\/p>\n<\/div><\/div><\/div><\/div><\/div><div class=\"fusion-flip-box-wrapper fusion-column col-lg-4 col-md-4 col-sm-4\"><div class=\"fusion-flip-box flip-down fusion-animated\" style=\"--awb-animation-color:hsla(var(--awb-color2-h),calc(var(--awb-color2-s) + 30%),var(--awb-color2-l),var(--awb-color2-a));\" tabindex=\"0\" data-animationType=\"revealInUp\" data-animationDuration=\"1.0\" data-animationOffset=\"top-into-view\"><div class=\"flip-box-inner-wrapper\"><div class=\"flip-box-front\" style=\"--awb-border-size:0px;--awb-border-radius:10px;--awb-title-front-color:var(--awb-color8);--awb-text-front-color:var(--awb-color1);--awb-background-image-front:url(&#039;https:\/\/iampv.com.mexlend.com\/wp-content\/uploads\/2025\/07\/Susi-Schuegraf.png&#039;);\"><div class=\"flip-box-front-inner\"><h4 class=\"flip-box-heading\" style=\"--h4_typography-font-family:var(--awb-typography1-font-family);--h4_typography-font-weight:var(--awb-typography1-font-weight);--h4_typography-font-style:var(--awb-typography1-font-style);--h4_typography-font-size:30px;--h4_typography-letter-spacing:var(--awb-typography1-letter-spacing);--h4_typography-line-height:var(--awb-typography1-line-height);--h4_typography-text-transform:var(--awb-typography1-text-transform);\">Susi Schuegraf<\/h4>Presidente de la junta directiva<\/div><\/div><div class=\"flip-box-back\" style=\"--awb-border-size:0px;--awb-border-radius:10px;--awb-background-color-back:hsla(var(--awb-color5-h),calc(var(--awb-color5-s) + 15%),var(--awb-color5-l),var(--awb-color5-a));--awb-title-back-color:var(--awb-color1);--awb-text-back-color:var(--awb-color1);\"><div class=\"flip-box-back-inner\"><h4 class=\"flip-box-heading-back\" style=\"--h4_typography-font-family:var(--awb-typography1-font-family);--h4_typography-font-weight:var(--awb-typography1-font-weight);--h4_typography-font-style:var(--awb-typography1-font-style);--h4_typography-font-size:30px;--h4_typography-letter-spacing:var(--awb-typography1-letter-spacing);--h4_typography-line-height:var(--awb-typography1-line-height);--h4_typography-text-transform:var(--awb-typography1-text-transform);\">Susi Schuegraf<\/h4>\n<p>Susi Schuegraf estudi\u00f3 m\u00fasica en Cal State Northridge y fue alumna de Peter Rejto. Termin\u00f3 una carrera en ingenier\u00eda inform\u00e1tica y trabaj\u00f3 como gerente de sistemas t\u00e9cnicos en Microsoft y Hughes Aircraft. Su amor por la m\u00fasica nunca desapareci\u00f3 y todos sus hijos tocan instrumentos. Sebasti\u00e1n toca el viol\u00edn y particip\u00f3 en la orquesta. Su hija toca la flauta dulce. Susi ofreci\u00f3 un concierto en Act 2 junto a Daniel Olivieros y Sharon Baughman White, y colabor\u00f3 con el programa anterior del DIF.<\/p>\n<\/div><\/div><\/div><\/div><\/div><div class=\"fusion-flip-box-wrapper fusion-column col-lg-4 col-md-4 col-sm-4\"><div class=\"fusion-flip-box flip-right fusion-animated\" style=\"--awb-animation-color:hsla(var(--awb-color2-h),calc(var(--awb-color2-s) + 30%),var(--awb-color2-l),var(--awb-color2-a));\" tabindex=\"0\" data-animationType=\"revealInDown\" data-animationDuration=\"1.0\" data-animationOffset=\"top-into-view\"><div class=\"flip-box-inner-wrapper\"><div class=\"flip-box-front\" style=\"--awb-border-size:0px;--awb-border-radius:10px;--awb-title-front-color:var(--awb-color1);--awb-text-front-color:var(--awb-color3);--awb-background-image-front:url(&#039;https:\/\/iampv.com.mexlend.com\/wp-content\/uploads\/2025\/07\/terence.png&#039;);\"><div class=\"flip-box-front-inner\"><h4 class=\"flip-box-heading\" style=\"--h4_typography-font-family:var(--awb-typography1-font-family);--h4_typography-font-weight:var(--awb-typography1-font-weight);--h4_typography-font-style:var(--awb-typography1-font-style);--h4_typography-font-size:30px;--h4_typography-letter-spacing:var(--awb-typography1-letter-spacing);--h4_typography-line-height:var(--awb-typography1-line-height);--h4_typography-text-transform:var(--awb-typography1-text-transform);\">Terence Reilly<\/h4>Clarinetista, Miembro del Consejo<\/div><\/div><div class=\"flip-box-back\" style=\"--awb-border-size:0px;--awb-border-radius:10px;--awb-background-color-back:hsla(var(--awb-color5-h),calc(var(--awb-color5-s) + 15%),var(--awb-color5-l),var(--awb-color5-a));--awb-title-back-color:var(--awb-color1);--awb-text-back-color:var(--awb-color1);\"><div class=\"flip-box-back-inner\"><h4 class=\"flip-box-heading-back\" style=\"--h4_typography-font-family:var(--awb-typography1-font-family);--h4_typography-font-weight:var(--awb-typography1-font-weight);--h4_typography-font-style:var(--awb-typography1-font-style);--h4_typography-font-size:30px;--h4_typography-letter-spacing:var(--awb-typography1-letter-spacing);--h4_typography-line-height:var(--awb-typography1-line-height);--h4_typography-text-transform:var(--awb-typography1-text-transform);\">Terence Reilly<\/h4>\n<p>Terence es el fundador y director de MEXLend, una corredur\u00eda de hipotecas y servicio de fideicomisos a nivel nacional con 18 a\u00f1os de trayectoria, enfocada en financiamiento para ciudadanos estadounidenses y canadienses en todo M\u00e9xico. Comenz\u00f3 a tocar el clarinete en la escuela primaria en Alemania y continu\u00f3 haci\u00e9ndolo hasta la universidad. Como cofundador y miembro de la junta del Instituto de Artes Musicales (IAMPV), est\u00e1 profundamente comprometido con brindar oportunidades musicales a los j\u00f3venes de Puerto Vallarta, donde reside con su esposo, David Schwendeman, y con enriquecer culturalmente a la comunidad a trav\u00e9s de la m\u00fasica y el arte.<\/p>\n<\/div><\/div><\/div><\/div><\/div><div class=\"fusion-flip-box-wrapper fusion-column col-lg-4 col-md-4 col-sm-4\"><div class=\"fusion-flip-box flip-right fusion-animated\" style=\"--awb-animation-color:hsla(var(--awb-color2-h),calc(var(--awb-color2-s) + 30%),var(--awb-color2-l),var(--awb-color2-a));\" tabindex=\"0\" data-animationType=\"revealInDown\" data-animationDuration=\"1.0\" data-animationOffset=\"top-into-view\"><div class=\"flip-box-inner-wrapper\"><div class=\"flip-box-front\" style=\"--awb-border-size:0px;--awb-border-radius:10px;--awb-title-front-color:var(--awb-color1);--awb-text-front-color:var(--awb-color3);--awb-background-image-front:url(&#039;https:\/\/iampv.com.mexlend.com\/wp-content\/uploads\/2025\/07\/Sally-Estes.png&#039;);\"><div class=\"flip-box-front-inner\"><h4 class=\"flip-box-heading\" style=\"--h4_typography-font-family:var(--awb-typography1-font-family);--h4_typography-font-weight:var(--awb-typography1-font-weight);--h4_typography-font-style:var(--awb-typography1-font-style);--h4_typography-font-size:30px;--h4_typography-letter-spacing:var(--awb-typography1-letter-spacing);--h4_typography-line-height:var(--awb-typography1-line-height);--h4_typography-text-transform:var(--awb-typography1-text-transform);\">Sally Estes<\/h4>Clarinetista, Miembro del Consejo<\/div><\/div><div class=\"flip-box-back\" style=\"--awb-border-size:0px;--awb-border-radius:10px;--awb-background-color-back:hsla(var(--awb-color5-h),calc(var(--awb-color5-s) + 15%),var(--awb-color5-l),var(--awb-color5-a));--awb-title-back-color:var(--awb-color1);--awb-text-back-color:var(--awb-color1);\"><div class=\"flip-box-back-inner\"><h4 class=\"flip-box-heading-back\" style=\"--h4_typography-font-family:var(--awb-typography1-font-family);--h4_typography-font-weight:var(--awb-typography1-font-weight);--h4_typography-font-style:var(--awb-typography1-font-style);--h4_typography-font-size:30px;--h4_typography-letter-spacing:var(--awb-typography1-letter-spacing);--h4_typography-line-height:var(--awb-typography1-line-height);--h4_typography-text-transform:var(--awb-typography1-text-transform);\">Sally Estes<\/h4>\n<p>Sally Estes creci\u00f3 en Sedalia, Misuri. A los 8 a\u00f1os, aprendi\u00f3 a tocar el piano de forma autodidacta usando los libros de lecciones de piano de su hermana mayor. Comenz\u00f3 a tocar el clarinete en la escuela primaria. Despu\u00e9s de una pausa de 30 a\u00f1os con el clarinete, Sally se uni\u00f3 a la Orquesta de C\u00e1mara de Puerto Vallarta en 2007. Disfruta de la m\u00fasica cl\u00e1sica y dice que \u201calimenta mi alma cuando puedo tocar mi parte individual y crear m\u00fasica hermosa con otros m\u00fasicos\u201d. Sally proporcion\u00f3 acompa\u00f1amiento de piano para el Coro de Hombres de Puerto Vallarta de 2015 a 2019. Actualmente, es la pianista del Equipo de Adoraci\u00f3n de la Iglesia Grace Vineyard Vallarta. Sally se uni\u00f3 al consejo del IAMPV en 2022 porque est\u00e1 apasionada por ayudar a los j\u00f3venes a tener acceso al aprendizaje de un instrumento musical, lo que les brindar\u00e1 habilidades y oportunidades para toda la vida.<\/p>\n<\/div><\/div><\/div><\/div><\/div><div class=\"fusion-flip-box-wrapper fusion-column col-lg-4 col-md-4 col-sm-4\"><div class=\"fusion-flip-box flip-left fusion-animated\" style=\"--awb-animation-color:hsla(var(--awb-color2-h),calc(var(--awb-color2-s) + 30%),var(--awb-color2-l),var(--awb-color2-a));\" tabindex=\"0\" data-animationType=\"revealInDown\" data-animationDuration=\"1.0\" data-animationOffset=\"top-into-view\"><div class=\"flip-box-inner-wrapper\"><div class=\"flip-box-front\" style=\"--awb-border-size:0px;--awb-border-radius:10px;--awb-title-front-color:var(--awb-color1);--awb-text-front-color:var(--awb-color3);--awb-background-image-front:url(&#039;https:\/\/iampv.com.mexlend.com\/wp-content\/uploads\/2025\/07\/Bob-Bruneau.png&#039;);\"><div class=\"flip-box-front-inner\"><h4 class=\"flip-box-heading\" style=\"--h4_typography-font-family:var(--awb-typography1-font-family);--h4_typography-font-weight:var(--awb-typography1-font-weight);--h4_typography-font-style:var(--awb-typography1-font-style);--h4_typography-font-size:30px;--h4_typography-letter-spacing:var(--awb-typography1-letter-spacing);--h4_typography-line-height:var(--awb-typography1-line-height);--h4_typography-text-transform:var(--awb-typography1-text-transform);\">Bob Bruneau<\/h4>Miembro del Consejo<\/div><\/div><div class=\"flip-box-back\" style=\"--awb-border-size:0px;--awb-border-radius:10px;--awb-background-color-back:hsla(var(--awb-color5-h),calc(var(--awb-color5-s) + 15%),var(--awb-color5-l),var(--awb-color5-a));--awb-title-back-color:var(--awb-color1);--awb-text-back-color:var(--awb-color1);\"><div class=\"flip-box-back-inner\"><h4 class=\"flip-box-heading-back\" style=\"--h4_typography-font-family:var(--awb-typography1-font-family);--h4_typography-font-weight:var(--awb-typography1-font-weight);--h4_typography-font-style:var(--awb-typography1-font-style);--h4_typography-font-size:30px;--h4_typography-letter-spacing:var(--awb-typography1-letter-spacing);--h4_typography-line-height:var(--awb-typography1-line-height);--h4_typography-text-transform:var(--awb-typography1-text-transform);\">Bob Bruneau<\/h4>\n<p>Bob Bruneau se ha convertido en un \u00edcono musical en Puerto Vallarta. Desde el Coro de Hombres de Puerto Vallarta (que \u00e9l fund\u00f3) hasta su espect\u00e1culo \u201cSwingin\u2019 Bob at the 88\u2019s\u201d, ha tra\u00eddo un mundo de entretenimiento, m\u00fasica y diversi\u00f3n a Puerto Vallarta, desde un estilo \u00edntimo de cabaret con piano hasta musicales a gran escala en Act 2. Es un gran elemento de nuestro consejo.<\/p>\n<\/div><\/div><\/div><\/div><\/div><\/div><\/div><\/div><\/div><\/div><div class=\"fusion-fullwidth fullwidth-box fusion-builder-row-2 fusion-flex-container has-pattern-background has-mask-background hundred-percent-fullwidth non-hundred-percent-height-scrolling fusion-no-large-visibility\" style=\"--awb-border-radius-top-left:0px;--awb-border-radius-top-right:0px;--awb-border-radius-bottom-right:0px;--awb-border-radius-bottom-left:0px;--awb-flex-wrap:wrap;\" ><div class=\"fusion-builder-row fusion-row fusion-flex-align-items-stretch fusion-flex-justify-content-space-between fusion-flex-content-wrap\" style=\"width:104% !important;max-width:104% !important;margin-left: calc(-4% \/ 2 );margin-right: calc(-4% \/ 2 );\"><div class=\"fusion-layout-column fusion_builder_column fusion-builder-column-2 fusion_builder_column_1_1 1_1 fusion-flex-column\" style=\"--awb-bg-size:cover;--awb-width-large:100%;--awb-margin-top-large:0px;--awb-spacing-right-large:1.92%;--awb-margin-bottom-large:20px;--awb-spacing-left-large:1.92%;--awb-width-medium:100%;--awb-order-medium:0;--awb-spacing-right-medium:1.92%;--awb-spacing-left-medium:1.92%;--awb-width-small:100%;--awb-order-small:0;--awb-spacing-right-small:1.92%;--awb-spacing-left-small:1.92%;\"><div class=\"fusion-column-wrapper fusion-column-has-shadow fusion-flex-justify-content-flex-start fusion-content-layout-column\"><div class=\"fusion-title title fusion-title-2 fusion-sep-none fusion-title-text fusion-title-size-one fusion-animated\" style=\"--awb-margin-top-small:10px;--awb-margin-right-small:0px;--awb-margin-bottom-small:10px;--awb-margin-left-small:0px;\" data-animationType=\"revealInLeft\" data-animationDuration=\"0.4\" data-animationOffset=\"top-into-view\"><h1 class=\"fusion-title-heading title-heading-left\" style=\"margin:0;\">Nuestro Equipo<\/h1><\/div><\/div><\/div><div class=\"fusion-layout-column fusion_builder_column fusion-builder-column-3 fusion_builder_column_1_1 1_1 fusion-flex-column fusion-animated\" style=\"--awb-bg-size:cover;--awb-width-large:100%;--awb-margin-top-large:0px;--awb-spacing-right-large:1.92%;--awb-margin-bottom-large:20px;--awb-spacing-left-large:1.92%;--awb-width-medium:100%;--awb-order-medium:0;--awb-spacing-right-medium:1.92%;--awb-spacing-left-medium:1.92%;--awb-width-small:100%;--awb-order-small:0;--awb-spacing-right-small:1.92%;--awb-spacing-left-small:1.92%;--awb-animation-color:var(--awb-color4);\" data-animationType=\"revealInRight\" data-animationDuration=\"0.5\" data-animationOffset=\"top-into-view\" data-scroll-devices=\"small-visibility,medium-visibility,large-visibility\"><div class=\"fusion-column-wrapper fusion-column-has-shadow fusion-flex-justify-content-flex-start fusion-content-layout-column\"><div class=\"fusion-flip-boxes flip-boxes row fusion-columns-2 flip-effect-3d equal-heights\" style=\"--awb-flip-duration:1.2s;--awb-margin-top:20px;\"><div class=\"fusion-flip-box-wrapper fusion-column col-lg-6 col-md-6 col-sm-6\"><div class=\"fusion-flip-box flip-left fusion-animated\" style=\"--awb-animation-color:hsla(var(--awb-color2-h),calc(var(--awb-color2-s) + 30%),var(--awb-color2-l),var(--awb-color2-a));\" tabindex=\"0\" data-animationType=\"revealInDown\" data-animationDuration=\"1.0\" data-animationOffset=\"top-into-view\"><div class=\"flip-box-inner-wrapper\"><div class=\"flip-box-front\" style=\"--awb-border-size:0px;--awb-border-radius:10px;--awb-title-front-color:var(--awb-color1);--awb-text-front-color:var(--awb-color3);--awb-background-image-front:url(&#039;https:\/\/iampv.com.mexlend.com\/wp-content\/uploads\/2025\/07\/16-Grande.jpg&#039;);\"><div class=\"flip-box-front-inner\"><h4 class=\"flip-box-heading\" style=\"--h4_typography-font-size:30px;--h4_typography-letter-spacing:var(--awb-typography1-letter-spacing);--h4_typography-line-height:var(--awb-typography1-line-height);--h4_typography-text-transform:var(--awb-typography1-text-transform);\">Aquiles Morales<\/h4>Director Acad\u00e9mico y Musical<\/div><\/div><div class=\"flip-box-back\" style=\"--awb-border-size:0px;--awb-border-radius:10px;--awb-background-color-back:hsla(var(--awb-color4-h),calc(var(--awb-color4-s) + 15%),var(--awb-color4-l),var(--awb-color4-a));--awb-title-back-color:var(--awb-color1);--awb-text-back-color:var(--awb-color1);\"><div class=\"flip-box-back-inner\"><h4 class=\"flip-box-heading-back\" style=\"--h4_typography-font-size:30px;--h4_typography-letter-spacing:var(--awb-typography1-letter-spacing);--h4_typography-line-height:var(--awb-typography1-line-height);--h4_typography-text-transform:var(--awb-typography1-text-transform);\">Aquiles Morales<\/h4>\n<p style=\"margin: 20px 30px 20px 30px;\">&#8220;<span class=\"visible-text\">Aquiles Morales naci\u00f3 en la Ciudad de M\u00e9xico e inici\u00f3 sus estudios de piano en la Escuela Nacional de M\u00fasica en 1996, donde estudi\u00f3 con Eva del Carmen Medina&#8230;.<\/span> <span class=\"hidden-text\"> En 1999 continu\u00f3 sus estudios en Par\u00eds en la \u00c9cole Normale de Musique Alfred Cortot donde obtuvo el diploma en 2004. Fue alumno del maestro Dusan Tadic y m\u00e1s tarde de la concertista Fran\u00e7oise Parrot-Hanlet. Particip\u00f3 en diversos concursos, obteniendo el segundo lugar en el Concurso Nacional de Piano de Sucy-en-Brie. En 2004 ingres\u00f3 en la \u00c9cole Nationale de Musique de Cr\u00e9teil donde realiz\u00f3 estudios de especializaci\u00f3n con el maestro Christophe Vautier, participando tambi\u00e9n en clases magistrales en Niza y Courchevel con los maestros del Conservatoire National Sup\u00e9rieur de Musique (C.N.S.M.) Jacques Rouvier y Prisca Beno\u00eet.<\/span>&#8220;<\/p>\n<\/div><\/div><\/div><\/div><\/div><div class=\"fusion-flip-box-wrapper fusion-column col-lg-6 col-md-6 col-sm-6\"><div class=\"fusion-flip-box flip-down fusion-animated\" style=\"--awb-animation-color:hsla(var(--awb-color2-h),calc(var(--awb-color2-s) + 30%),var(--awb-color2-l),var(--awb-color2-a));\" tabindex=\"0\" data-animationType=\"revealInUp\" data-animationDuration=\"1.0\" data-animationOffset=\"top-into-view\"><div class=\"flip-box-inner-wrapper\"><div class=\"flip-box-front\" style=\"--awb-border-size:0px;--awb-border-radius:10px;--awb-title-front-color:var(--awb-color8);--awb-text-front-color:var(--awb-color1);--awb-background-image-front:url(&#039;https:\/\/iampv.com.mexlend.com\/wp-content\/uploads\/2025\/07\/Susi-Schuegraf.png&#039;);\"><div class=\"flip-box-front-inner\"><h4 class=\"flip-box-heading\" style=\"--h4_typography-font-size:30px;--h4_typography-letter-spacing:var(--awb-typography1-letter-spacing);--h4_typography-line-height:var(--awb-typography1-line-height);--h4_typography-text-transform:var(--awb-typography1-text-transform);\">Susi Schuegraf<\/h4>Presidente de la junta directiva<\/div><\/div><div class=\"flip-box-back\" style=\"--awb-border-size:0px;--awb-border-radius:10px;--awb-background-color-back:hsla(var(--awb-color5-h),calc(var(--awb-color5-s) + 15%),var(--awb-color5-l),var(--awb-color5-a));--awb-title-back-color:var(--awb-color1);--awb-text-back-color:var(--awb-color1);\"><div class=\"flip-box-back-inner\"><h4 class=\"flip-box-heading-back\" style=\"--h4_typography-font-size:30px;--h4_typography-letter-spacing:var(--awb-typography1-letter-spacing);--h4_typography-line-height:var(--awb-typography1-line-height);--h4_typography-text-transform:var(--awb-typography1-text-transform);\">Susi Schuegraf<\/h4>\n<p style=\"margin: 20px 30px 20px 30px;\">&#8220;Susi Schuegraf was a music major at Cal State Northridge and studied with Peter Rejto. &#8230;. She finished in Computer Engineering and worked as a technical systems manager at Microsoft, and Hughes Aircraft. Her love for music never left and all of her children have played instruments. Son Sebastian plays violin in the orchestra. Her daughter plays recorder, She performed a concert at Act 2 with Daniel Olivieros and Sharon Baughman White and helped with the prior DIF programt.&#8221;<\/p>\n<\/div><\/div><\/div><\/div><\/div><div class=\"fusion-flip-box-wrapper fusion-column col-lg-6 col-md-6 col-sm-6\"><div class=\"fusion-flip-box flip-right fusion-animated\" style=\"--awb-animation-color:hsla(var(--awb-color2-h),calc(var(--awb-color2-s) + 30%),var(--awb-color2-l),var(--awb-color2-a));\" tabindex=\"0\" data-animationType=\"revealInDown\" data-animationDuration=\"1.0\" data-animationOffset=\"top-into-view\"><div class=\"flip-box-inner-wrapper\"><div class=\"flip-box-front\" style=\"--awb-border-size:0px;--awb-border-radius:10px;--awb-title-front-color:var(--awb-color1);--awb-text-front-color:var(--awb-color3);--awb-background-image-front:url(&#039;https:\/\/iampv.com.mexlend.com\/wp-content\/uploads\/2025\/07\/terence.png&#039;);\"><div class=\"flip-box-front-inner\"><h4 class=\"flip-box-heading\" style=\"--h4_typography-font-size:30px;--h4_typography-letter-spacing:var(--awb-typography1-letter-spacing);--h4_typography-line-height:var(--awb-typography1-line-height);--h4_typography-text-transform:var(--awb-typography1-text-transform);\">Terrence Reilly<\/h4>Clarinetista, Miembro del Consejo<\/div><\/div><div class=\"flip-box-back\" style=\"--awb-border-size:0px;--awb-border-radius:10px;--awb-background-color-back:hsla(var(--awb-color5-h),calc(var(--awb-color5-s) + 15%),var(--awb-color5-l),var(--awb-color5-a));--awb-title-back-color:var(--awb-color1);--awb-text-back-color:var(--awb-color1);\"><div class=\"flip-box-back-inner\"><h4 class=\"flip-box-heading-back\" style=\"--h4_typography-font-size:30px;--h4_typography-letter-spacing:var(--awb-typography1-letter-spacing);--h4_typography-line-height:var(--awb-typography1-line-height);--h4_typography-text-transform:var(--awb-typography1-text-transform);\">Terrence Reilly<\/h4>\n<p style=\"margin: 20px 30px 20px 30px;\">&#8220;Terrence is a Founder and CEO of MEXLend, an 18-year-old national mortgage brokerage and escrow service, focusing on financing for US and Canadian citizens throughout Mexico&#8230;.. He began playing the clarinet in elementary school in Germany and continued to play into college. As a co-founder and board member of the Instituto de Artes Musicales (IAMPV), he is fiercely dedicated to providing musical opportunities to the youth of Puerto Vallarta where he resides with his husband, David Schwendeman and to the cultural enrichment of the community through music and art.&#8221;<\/p>\n<\/div><\/div><\/div><\/div><\/div><div class=\"fusion-flip-box-wrapper fusion-column col-lg-6 col-md-6 col-sm-6\"><div class=\"fusion-flip-box flip-left fusion-animated\" style=\"--awb-animation-color:hsla(var(--awb-color2-h),calc(var(--awb-color2-s) + 30%),var(--awb-color2-l),var(--awb-color2-a));\" tabindex=\"0\" data-animationType=\"revealInDown\" data-animationDuration=\"1.0\" data-animationOffset=\"top-into-view\"><div class=\"flip-box-inner-wrapper\"><div class=\"flip-box-front\" style=\"--awb-border-size:0px;--awb-border-radius:10px;--awb-title-front-color:var(--awb-color1);--awb-text-front-color:var(--awb-color3);--awb-background-image-front:url(&#039;https:\/\/iampv.com.mexlend.com\/wp-content\/uploads\/2025\/07\/Mary-MacLachlan-.png&#039;);\"><div class=\"flip-box-front-inner\"><h4 class=\"flip-box-heading\" style=\"--h4_typography-font-size:30px;--h4_typography-letter-spacing:var(--awb-typography1-letter-spacing);--h4_typography-line-height:var(--awb-typography1-line-height);--h4_typography-text-transform:var(--awb-typography1-text-transform);\">Mary MacLachlan <\/h4>Profesora de Viol\u00edn, Miembro del Consejo<\/div><\/div><div class=\"flip-box-back\" style=\"--awb-border-size:0px;--awb-border-radius:10px;--awb-background-color-back:hsla(var(--awb-color5-h),calc(var(--awb-color5-s) + 15%),var(--awb-color5-l),var(--awb-color5-a));--awb-title-back-color:var(--awb-color1);--awb-text-back-color:var(--awb-color1);\"><div class=\"flip-box-back-inner\"><h4 class=\"flip-box-heading-back\" style=\"--h4_typography-font-size:30px;--h4_typography-letter-spacing:var(--awb-typography1-letter-spacing);--h4_typography-line-height:var(--awb-typography1-line-height);--h4_typography-text-transform:var(--awb-typography1-text-transform);\">Mary MacLachlan <\/h4>\n<p style=\"margin: 20px 30px 20px 30px;\">&#8220;Mary MacLachlan &#8211; an \u201coriginal\u201d &#8211; has played in orchestras since she was 10 years old! &#8230;&#8230; She first played professionally at age 19 with the Edmonton Symphony Orchestra and continued professionally for decades, plus teaching instrumental music both privately and in schools Her passion to play the classics in an orchestra never fades. Mary is on the OSV board to assist both with music selection and the many details that are involved in our performances. She spends summers in British Columbia, on a lake, in the woods. She loves to walk, entertain family and friends, and enjoys the outdoor living of this unique site.&#8221;<\/p>\n<\/div><\/div><\/div><\/div><\/div><div class=\"fusion-flip-box-wrapper fusion-column col-lg-6 col-md-6 col-sm-6\"><div class=\"fusion-flip-box flip-down fusion-animated\" style=\"--awb-animation-color:hsla(var(--awb-color2-h),calc(var(--awb-color2-s) + 30%),var(--awb-color2-l),var(--awb-color2-a));\" tabindex=\"0\" data-animationType=\"revealInUp\" data-animationDuration=\"1.0\" data-animationOffset=\"top-into-view\"><div class=\"flip-box-inner-wrapper\"><div class=\"flip-box-front\" style=\"--awb-border-size:0px;--awb-border-radius:10px;--awb-title-front-color:var(--awb-color1);--awb-text-front-color:var(--awb-color3);--awb-background-image-front:url(&#039;https:\/\/iampv.com.mexlend.com\/wp-content\/uploads\/2025\/07\/Brian-Cloyd.png&#039;);\"><div class=\"flip-box-front-inner\"><h4 class=\"flip-box-heading\" style=\"--h4_typography-font-size:30px;--h4_typography-letter-spacing:var(--awb-typography1-letter-spacing);--h4_typography-line-height:var(--awb-typography1-line-height);--h4_typography-text-transform:var(--awb-typography1-text-transform);\">Brian Cloyd<\/h4>Miembro del Consejo<\/div><\/div><div class=\"flip-box-back\" style=\"--awb-border-size:0px;--awb-border-radius:10px;--awb-background-color-back:hsla(var(--awb-color5-h),calc(var(--awb-color5-s) + 15%),var(--awb-color5-l),var(--awb-color5-a));--awb-title-back-color:var(--awb-color1);--awb-text-back-color:var(--awb-color1);\"><div class=\"flip-box-back-inner\"><h4 class=\"flip-box-heading-back\" style=\"--h4_typography-font-size:30px;--h4_typography-letter-spacing:var(--awb-typography1-letter-spacing);--h4_typography-line-height:var(--awb-typography1-line-height);--h4_typography-text-transform:var(--awb-typography1-text-transform);\">Brian Cloyd<\/h4>\n<p style=\"margin: 20px 30px 20px 30px;\">&#8220;Lorem ipsum dolor sit amet, consectetur adipiscing elit, sed do eiusmod tempor incididunt ut labore et dolore magna aliqua. Ut enim ad minim veniam, quis nostrud exercitation ullamco laboris nisi ut aliquip ex ea commodo consequat. Duis aute irure dolor in reprehenderit in voluptate velit esse cillum dolore eu fugiat nulla pariatur. Excepteur sint occaecat cupidatat non proident, sunt in culpa qui officia deserunt mollit anim id est laborum.&#8221;<\/p>\n<\/div><\/div><\/div><\/div><\/div><div class=\"fusion-flip-box-wrapper fusion-column col-lg-6 col-md-6 col-sm-6\"><div class=\"fusion-flip-box flip-right fusion-animated\" style=\"--awb-animation-color:hsla(var(--awb-color2-h),calc(var(--awb-color2-s) + 30%),var(--awb-color2-l),var(--awb-color2-a));\" tabindex=\"0\" data-animationType=\"revealInDown\" data-animationDuration=\"1.0\" data-animationOffset=\"top-into-view\"><div class=\"flip-box-inner-wrapper\"><div class=\"flip-box-front\" style=\"--awb-border-size:0px;--awb-border-radius:10px;--awb-title-front-color:var(--awb-color1);--awb-text-front-color:var(--awb-color3);--awb-background-image-front:url(&#039;https:\/\/iampv.com.mexlend.com\/wp-content\/uploads\/2025\/07\/Sally-Estes.png&#039;);\"><div class=\"flip-box-front-inner\"><h4 class=\"flip-box-heading\" style=\"--h4_typography-font-size:30px;--h4_typography-letter-spacing:var(--awb-typography1-letter-spacing);--h4_typography-line-height:var(--awb-typography1-line-height);--h4_typography-text-transform:var(--awb-typography1-text-transform);\">Sally Estes<\/h4>Clarinetista, Miembro del Consejo<\/div><\/div><div class=\"flip-box-back\" style=\"--awb-border-size:0px;--awb-border-radius:10px;--awb-background-color-back:hsla(var(--awb-color5-h),calc(var(--awb-color5-s) + 15%),var(--awb-color5-l),var(--awb-color5-a));--awb-title-back-color:var(--awb-color1);--awb-text-back-color:var(--awb-color1);\"><div class=\"flip-box-back-inner\"><h4 class=\"flip-box-heading-back\" style=\"--h4_typography-font-size:30px;--h4_typography-letter-spacing:var(--awb-typography1-letter-spacing);--h4_typography-line-height:var(--awb-typography1-line-height);--h4_typography-text-transform:var(--awb-typography1-text-transform);\">Sally Estes<\/h4>\n<p style=\"margin: 20px 30px 20px 30px;\">&#8220;Sally Estes grew up in Sedalia, Missouri. At age 8, she taught herself how to play piano from her older sister\u2019s piano lesson books. She began playing the clarinet in elementary school. &#8230;&#8230; After a 30-year hiatus with the clarinet, Sally joined the PV Chamber Orchestra in 2007. She enjoys classical music and says \u201cit feeds my soul when I can play my individual part and create beautiful music with other individuals\u201d. Sally provided piano accompaniment for the PV Men\u2019s Choir from 2015-2019. She currently is the keyboardist for the Worship Team of Grace Vineyard Vallarta Church. Sally joined the IAMPV Board in 2022 because she is passionate about helping youth have access to learning a musical instrument which will give them life-long skills and opportunities.&#8221;<\/p>\n<\/div><\/div><\/div><\/div><\/div><div class=\"fusion-flip-box-wrapper fusion-column col-lg-6 col-md-6 col-sm-6\"><div class=\"fusion-flip-box flip-left fusion-animated\" style=\"--awb-animation-color:hsla(var(--awb-color2-h),calc(var(--awb-color2-s) + 30%),var(--awb-color2-l),var(--awb-color2-a));\" tabindex=\"0\" data-animationType=\"revealInDown\" data-animationDuration=\"1.0\" data-animationOffset=\"top-into-view\"><div class=\"flip-box-inner-wrapper\"><div class=\"flip-box-front\" style=\"--awb-border-size:0px;--awb-border-radius:10px;--awb-title-front-color:var(--awb-color1);--awb-text-front-color:var(--awb-color3);--awb-background-image-front:url(&#039;https:\/\/iampv.com.mexlend.com\/wp-content\/uploads\/2025\/07\/Bob-Bruneau.png&#039;);\"><div class=\"flip-box-front-inner\"><h4 class=\"flip-box-heading\" style=\"--h4_typography-font-size:30px;--h4_typography-letter-spacing:var(--awb-typography1-letter-spacing);--h4_typography-line-height:var(--awb-typography1-line-height);--h4_typography-text-transform:var(--awb-typography1-text-transform);\">Bob Bruneau<\/h4>Miembro del Consejo<\/div><\/div><div class=\"flip-box-back\" style=\"--awb-border-size:0px;--awb-border-radius:10px;--awb-background-color-back:hsla(var(--awb-color5-h),calc(var(--awb-color5-s) + 15%),var(--awb-color5-l),var(--awb-color5-a));--awb-title-back-color:var(--awb-color1);--awb-text-back-color:var(--awb-color1);\"><div class=\"flip-box-back-inner\"><h4 class=\"flip-box-heading-back\" style=\"--h4_typography-font-size:30px;--h4_typography-letter-spacing:var(--awb-typography1-letter-spacing);--h4_typography-line-height:var(--awb-typography1-line-height);--h4_typography-text-transform:var(--awb-typography1-text-transform);\">Bob Bruneau<\/h4>\n<p style=\"margin: 20px 30px 20px 30px;\">&#8220;Bob Bruneau has become a musical icon in Puerto Vallarta. From the Puerto Vallarta Men&#8217;s Chorus (which he founded) to his \u00abSwingin&#8217; Bob at the 88&#8217;s\u00bb, it&#8217;s a world of entertainment, music and fun that he brought to Puerto Vallarta from intimate piano style cabaret to full-scale musicals at ActII. He&#8217;s a great addition to our board.&#8221;<\/p>\n<\/div><\/div><\/div><\/div><\/div><div class=\"fusion-flip-box-wrapper fusion-column col-lg-6 col-md-6 col-sm-6\"><div class=\"fusion-flip-box flip-left fusion-animated\" style=\"--awb-animation-color:hsla(var(--awb-color2-h),calc(var(--awb-color2-s) + 30%),var(--awb-color2-l),var(--awb-color2-a));\" tabindex=\"0\" data-animationType=\"revealInDown\" data-animationDuration=\"1.0\" data-animationOffset=\"top-into-view\"><div class=\"flip-box-inner-wrapper\"><div class=\"flip-box-front\" style=\"--awb-border-size:0px;--awb-border-radius:10px;--awb-title-front-color:var(--awb-color1);--awb-text-front-color:var(--awb-color3);\"><div class=\"flip-box-front-inner\"><h4 class=\"flip-box-heading\" style=\"--h4_typography-font-size:30px;--h4_typography-letter-spacing:var(--awb-typography1-letter-spacing);--h4_typography-line-height:var(--awb-typography1-line-height);--h4_typography-text-transform:var(--awb-typography1-text-transform);\">Andrea Vallejo<\/h4>Asistente administrativa<\/div><\/div><div class=\"flip-box-back\" style=\"--awb-border-size:0px;--awb-border-radius:10px;--awb-background-color-back:hsla(var(--awb-color5-h),calc(var(--awb-color5-s) + 15%),var(--awb-color5-l),var(--awb-color5-a));--awb-title-back-color:var(--awb-color1);--awb-text-back-color:var(--awb-color1);\"><div class=\"flip-box-back-inner\"><h4 class=\"flip-box-heading-back\" style=\"--h4_typography-font-size:30px;--h4_typography-letter-spacing:var(--awb-typography1-letter-spacing);--h4_typography-line-height:var(--awb-typography1-line-height);--h4_typography-text-transform:var(--awb-typography1-text-transform);\">Andrea Vallejo<\/h4>\n<p style=\"margin: 20px 30px 20px 30px;\">&#8220;Lorem ipsum dolor sit amet, consectetur adipiscing elit, sed do eiusmod tempor incididunt ut labore et dolore magna aliqua. Ut enim ad minim veniam, quis nostrud exercitation ullamco laboris nisi ut aliquip ex ea commodo consequat. Duis aute irure dolor in reprehenderit in voluptate velit esse cillum dolore eu fugiat nulla pariatur. Excepteur sint occaecat cupidatat non proident, sunt in culpa qui officia deserunt mollit anim id est laborum.&#8221;<\/p>\n<\/div><\/div><\/div><\/div><\/div><\/div><\/div><\/div><\/div><\/div><\/p>\n","protected":false},"excerpt":{"rendered":"","protected":false},"author":1,"featured_media":0,"parent":0,"menu_order":0,"comment_status":"closed","ping_status":"closed","template":"100-width.php","meta":{"footnotes":""},"class_list":["post-516","page","type-page","status-publish","hentry"],"_links":{"self":[{"href":"https:\/\/iampv.com.mx\/en\/wp-json\/wp\/v2\/pages\/516","targetHints":{"allow":["GET"]}}],"collection":[{"href":"https:\/\/iampv.com.mx\/en\/wp-json\/wp\/v2\/pages"}],"about":[{"href":"https:\/\/iampv.com.mx\/en\/wp-json\/wp\/v2\/types\/page"}],"author":[{"embeddable":true,"href":"https:\/\/iampv.com.mx\/en\/wp-json\/wp\/v2\/users\/1"}],"replies":[{"embeddable":true,"href":"https:\/\/iampv.com.mx\/en\/wp-json\/wp\/v2\/comments?post=516"}],"version-history":[{"count":2,"href":"https:\/\/iampv.com.mx\/en\/wp-json\/wp\/v2\/pages\/516\/revisions"}],"predecessor-version":[{"id":549,"href":"https:\/\/iampv.com.mx\/en\/wp-json\/wp\/v2\/pages\/516\/revisions\/549"}],"wp:attachment":[{"href":"https:\/\/iampv.com.mx\/en\/wp-json\/wp\/v2\/media?parent=516"}],"curies":[{"name":"wp","href":"https:\/\/api.w.org\/{rel}","templated":true}]}}